{"id":4366,"date":"2026-02-24T15:45:54","date_gmt":"2026-02-24T20:45:54","guid":{"rendered":"https:\/\/www.iglesiaidges.org\/?page_id=4366"},"modified":"2026-02-24T15:49:09","modified_gmt":"2026-02-24T20:49:09","slug":"alirio-castro-mancera-2","status":"publish","type":"page","link":"https:\/\/www.iglesiaidges.org\/index.php\/alirio-castro-mancera-2\/","title":{"rendered":"Alirio Castro Mancera"},"content":{"rendered":"\t\t<div data-elementor-type=\"wp-page\" data-elementor-id=\"4366\" class=\"elementor elementor-4366\" data-elementor-post-type=\"page\">\n\t\t\t\t<div class=\"elementor-element elementor-element-9f745e5 e-flex e-con-boxed e-con e-parent\" data-id=\"9f745e5\" data-element_type=\"container\">\n\t\t\t\t\t<div class=\"e-con-inner\">\n\t\t\t\t<div class=\"elementor-element elementor-element-5b34605 elementor-widget elementor-widget-heading\" data-id=\"5b34605\" data-element_type=\"widget\" data-widget_type=\"heading.default\">\n\t\t\t\t\t<h3 class=\"elementor-heading-title elementor-size-default\">\u00bfQuieres saber quien es Alirio Castro Mancera? presiona el  bot\u00f3n Azul <\/h3>\t\t\t\t<\/div>\n\t\t\t\t\t<\/div>\n\t\t\t\t<\/div>\n\t\t<div class=\"elementor-element elementor-element-ecb7d58 e-flex e-con-boxed e-con e-parent\" data-id=\"ecb7d58\" data-element_type=\"container\">\n\t\t\t\t\t<div class=\"e-con-inner\">\n\t\t\t\t<div class=\"elementor-element elementor-element-148e307 elementor-widget elementor-widget-html\" data-id=\"148e307\" data-element_type=\"widget\" data-widget_type=\"html.default\">\n\t\t\t\t\t<!-- BOT\u00d3N CENTRADO -->\r\n<button class=\"open-card-alirio\">Ver perfil ministerial<\/button>\r\n\r\n<!-- MODAL -->\r\n<div class=\"modal-overlay-alirio\" id=\"modalAlirio\">\r\n  <div class=\"modal-card-alirio\">\r\n    <span class=\"close-modal-alirio\">&times;<\/span>\r\n\r\n    <!-- HEADER -->\r\n    <div class=\"card-header-alirio\">\r\n      <img decoding=\"async\" src=\"https:\/\/www.iglesiaidges.org\/wp-content\/uploads\/2025\/12\/ALIRIO-CASTRO-MANCERA.jpg\">\r\n      <h2>Alirio Castro Mancera<\/h2>\r\n      <p>Casado \u00b7 1 Hija<\/p>\r\n    <\/div>\r\n\r\n    <!-- CONTENIDO -->\r\n    <div class=\"card-body-alirio\">\r\n\r\n      <h3>\ud83d\udccc Informaci\u00f3n Personal<\/h3>\r\n      <ul>\r\n        <li><strong>Fecha de nacimiento:<\/strong> 22 de octubre de 1961<\/li>\r\n        <li><strong>Estado civil:<\/strong> Casado<\/li>\r\n        <li><strong>Esposa:<\/strong> Mary Serrano Doncel<\/li>\r\n        <li><strong>Hijos:<\/strong> 1 hija<\/li>\r\n      <\/ul>\r\n\r\n      <h3>\ud83c\udf93 Formaci\u00f3n Teol\u00f3gica y Ministerial<\/h3>\r\n      <ul>\r\n        <li>Teolog\u00eda y Ciencias Religiosas<\/li>\r\n      <\/ul>\r\n\r\n      <h3>\ud83d\udcda Estudios Seculares<\/h3>\r\n      <ul>\r\n        <li>Bachiller<\/li>\r\n      <\/ul>\r\n\r\n      <h3>\ud83d\udcdc Diplomados<\/h3>\r\n      <ul>\r\n        <li>Consejer\u00eda Pastoral Cristiana<\/li>\r\n      <\/ul>\r\n\r\n      <h3>\ud83d\udcbc Trayectoria Laboral Secular<\/h3>\r\n      <p>\r\n        Inici\u00f3 su vida laboral en la empresa <strong>Veimas S.A.S.<\/strong>, dedicada al blindaje de veh\u00edculos,\r\n        donde labor\u00f3 durante 8 a\u00f1os. Posteriormente se desempe\u00f1\u00f3 como contratista independiente\r\n        en el \u00e1rea de pavimentos por un per\u00edodo de 10 a\u00f1os.\r\n      <\/p>\r\n      <p>\r\n        M\u00e1s adelante trabaj\u00f3 en la empresa <strong>Tubos Colmena<\/strong> como auxiliar de transporte\r\n        de carga, funci\u00f3n que ejerci\u00f3 durante 4 a\u00f1os, destac\u00e1ndose por su responsabilidad y compromiso.\r\n      <\/p>\r\n\r\n      <h3>\ud83d\ude4f Trayectoria Espiritual y Ministerial<\/h3>\r\n      <p>\r\n        Ingres\u00f3 a la IDGES en el a\u00f1o 2008 en la Obra de Ferias. Al a\u00f1o de haber ingresado\r\n        fue bautizado y comenz\u00f3 su servicio al Se\u00f1or.\r\n      <\/p>\r\n      <p>\r\n        Inici\u00f3 como di\u00e1cono y, desde el a\u00f1o 2014, ejerci\u00f3 como predicador durante 6 a\u00f1os.\r\n        El 15 de diciembre de 2019 fue trasladado junto con su esposa a la Obra de Suba\r\n        para liderar la congregaci\u00f3n.\r\n      <\/p>\r\n      <p>\r\n        Actualmente contin\u00faa sirviendo en la Obra de Suba como L\u00edder con Funci\u00f3n Pastoral,\r\n        desempe\u00f1ando su labor con compromiso, fe y vocaci\u00f3n de servicio.\r\n      <\/p>\r\n\r\n      <blockquote>\r\n        \u201cUna vida de trabajo, fe y servicio constante al Se\u00f1or.\u201d\r\n      <\/blockquote>\r\n\r\n      <div class=\"mensaje-final-alirio\">\r\n        \ud83e\udd1d Gracias por conocer este perfil ministerial\r\n      <\/div>\r\n\r\n    <\/div>\r\n  <\/div>\r\n<\/div>\r\n\r\n<style>\r\n\r\n\/* BOT\u00d3N AZUL *\/\r\n.open-card-alirio {\r\n  background-color: #0b3c5d !important;\r\n  color: #ffffff !important;\r\n  padding: 12px 24px;\r\n  border: none !important;\r\n  border-radius: 30px;\r\n  cursor: pointer;\r\n  font-size: 16px;\r\n  display: block;\r\n  margin: 30px auto;\r\n  transition: 0.3s;\r\n}\r\n\r\n.open-card-alirio:hover {\r\n  background-color: #092c45 !important;\r\n}\r\n\r\n\/* MODAL *\/\r\n.modal-overlay-alirio {\r\n  position: fixed;\r\n  inset: 0;\r\n  background: rgba(0,0,0,0.65);\r\n  display: none;\r\n  align-items: center;\r\n  justify-content: center;\r\n  z-index: 9999;\r\n}\r\n\r\n.modal-card-alirio {\r\n  background: #fff;\r\n  width: 90%;\r\n  max-width: 750px;\r\n  max-height: 90vh;\r\n  border-radius: 18px;\r\n  overflow: hidden;\r\n  position: relative;\r\n  display: flex;\r\n  flex-direction: column;\r\n  animation: fadeInAlirio 0.4s ease;\r\n}\r\n\r\n\/* HEADER *\/\r\n.card-header-alirio {\r\n  background: linear-gradient(135deg, #0b3c5d, #328cc1);\r\n  color: #fff;\r\n  text-align: center;\r\n  padding: 40px 20px 60px;\r\n  border-bottom-left-radius: 50% 30%;\r\n  border-bottom-right-radius: 50% 30%;\r\n}\r\n\r\n.card-header-alirio img {\r\n  width: 120px;\r\n  height: 120px;\r\n  border-radius: 50%;\r\n  border: 4px solid #fff;\r\n  object-fit: cover;\r\n  margin-bottom: 12px;\r\n}\r\n\r\n\/* BODY *\/\r\n.card-body-alirio {\r\n  padding: 30px;\r\n  font-size: 15px;\r\n  overflow-y: auto;\r\n  max-height: calc(90vh - 260px);\r\n}\r\n\r\n.card-body-alirio h3 {\r\n  color: #0b3c5d;\r\n  margin-top: 20px;\r\n}\r\n\r\n.card-body-alirio ul {\r\n  padding-left: 18px;\r\n}\r\n\r\n.card-body-alirio p {\r\n  margin-top: 12px;\r\n  line-height: 1.6;\r\n  text-align: justify;\r\n}\r\n\r\n.card-body-alirio blockquote {\r\n  margin-top: 25px;\r\n  font-style: italic;\r\n  color: #555;\r\n  border-left: 4px solid #328cc1;\r\n  padding-left: 15px;\r\n}\r\n\r\n.mensaje-final-alirio {\r\n  margin-top: 35px;\r\n  padding-top: 20px;\r\n  text-align: center;\r\n  font-size: 14px;\r\n  color: #555;\r\n  border-top: 1px solid #e0e0e0;\r\n  font-style: italic;\r\n}\r\n\r\n.close-modal-alirio {\r\n  position: absolute;\r\n  top: 15px;\r\n  right: 20px;\r\n  font-size: 26px;\r\n  cursor: pointer;\r\n  color: #fff;\r\n}\r\n\r\n@keyframes fadeInAlirio {\r\n  from { opacity: 0; transform: scale(0.95); }\r\n  to { opacity: 1; transform: scale(1); }\r\n}\r\n\r\n<\/style>\r\n\r\n<script>\r\nconst openBtnAlirio = document.querySelector('.open-card-alirio');\r\nconst modalAlirio = document.getElementById('modalAlirio');\r\nconst closeBtnAlirio = document.querySelector('.close-modal-alirio');\r\n\r\nopenBtnAlirio.onclick = () => modalAlirio.style.display = 'flex';\r\ncloseBtnAlirio.onclick = () => modalAlirio.style.display = 'none';\r\n\r\nwindow.onclick = (e) => {\r\n  if (e.target === modalAlirio) modalAlirio.style.display = 'none';\r\n};\r\n<\/script>\t\t\t\t<\/div>\n\t\t\t\t\t<\/div>\n\t\t\t\t<\/div>\n\t\t\t\t<\/div>\n\t\t","protected":false},"excerpt":{"rendered":"<p>\u00bfQuieres saber quien es Alirio Castro Mancera? presiona el bot\u00f3n Azul Ver perfil ministerial &times; Alirio Castro Mancera Casado \u00b7 1 Hija \ud83d\udccc Informaci\u00f3n Personal Fecha de nacimiento: 22 de [&hellip;]<\/p>\n","protected":false},"author":1,"featured_media":0,"parent":0,"menu_order":0,"comment_status":"closed","ping_status":"closed","template":"","meta":{"site-sidebar-layout":"no-sidebar","site-content-layout":"","ast-site-content-layout":"full-width-container","site-content-style":"default","site-sidebar-style":"default","ast-global-header-display":"","ast-banner-title-visibility":"","ast-main-header-display":"","ast-hfb-above-header-display":"","ast-hfb-below-header-display":"","ast-hfb-mobile-header-display":"","site-post-title":"disabled","ast-breadcrumbs-content":"","ast-featured-img":"disabled","footer-sml-layout":"","ast-disable-related-posts":"","theme-transparent-header-meta":"","adv-header-id-meta":"","stick-header-meta":"","header-above-stick-meta":"","header-main-stick-meta":"","header-below-stick-meta":"","astra-migrate-meta-layouts":"default","ast-page-background-enabled":"default","ast-page-background-meta":{"desktop":{"background-color":"var(--ast-global-color-5)","background-image":"","background-repeat":"repeat","background-position":"center center","background-size":"auto","background-attachment":"scroll","background-type":"","background-media":"","overlay-type":"","overlay-color":"","overlay-opacity":"","overlay-gradient":""},"tablet":{"background-color":"","background-image":"","background-repeat":"repeat","background-position":"center center","background-size":"auto","background-attachment":"scroll","background-type":"","background-media":"","overlay-type":"","overlay-color":"","overlay-opacity":"","overlay-gradient":""},"mobile":{"background-color":"","background-image":"","background-repeat":"repeat","background-position":"center center","background-size":"auto","background-attachment":"scroll","background-type":"","background-media":"","overlay-type":"","overlay-color":"","overlay-opacity":"","overlay-gradient":""}},"ast-content-background-meta":{"desktop":{"background-color":"var(--ast-global-color-4)","background-image":"","background-repeat":"repeat","background-position":"center center","background-size":"auto","background-attachment":"scroll","background-type":"","background-media":"","overlay-type":"","overlay-color":"","overlay-opacity":"","overlay-gradient":""},"tablet":{"background-color":"var(--ast-global-color-4)","background-image":"","background-repeat":"repeat","background-position":"center center","background-size":"auto","background-attachment":"scroll","background-type":"","background-media":"","overlay-type":"","overlay-color":"","overlay-opacity":"","overlay-gradient":""},"mobile":{"background-color":"var(--ast-global-color-4)","background-image":"","background-repeat":"repeat","background-position":"center center","background-size":"auto","background-attachment":"scroll","background-type":"","background-media":"","overlay-type":"","overlay-color":"","overlay-opacity":"","overlay-gradient":""}},"footnotes":""},"class_list":["post-4366","page","type-page","status-publish","hentry"],"_links":{"self":[{"href":"https:\/\/www.iglesiaidges.org\/index.php\/wp-json\/wp\/v2\/pages\/4366","targetHints":{"allow":["GET"]}}],"collection":[{"href":"https:\/\/www.iglesiaidges.org\/index.php\/wp-json\/wp\/v2\/pages"}],"about":[{"href":"https:\/\/www.iglesiaidges.org\/index.php\/wp-json\/wp\/v2\/types\/page"}],"author":[{"embeddable":true,"href":"https:\/\/www.iglesiaidges.org\/index.php\/wp-json\/wp\/v2\/users\/1"}],"replies":[{"embeddable":true,"href":"https:\/\/www.iglesiaidges.org\/index.php\/wp-json\/wp\/v2\/comments?post=4366"}],"version-history":[{"count":7,"href":"https:\/\/www.iglesiaidges.org\/index.php\/wp-json\/wp\/v2\/pages\/4366\/revisions"}],"predecessor-version":[{"id":4374,"href":"https:\/\/www.iglesiaidges.org\/index.php\/wp-json\/wp\/v2\/pages\/4366\/revisions\/4374"}],"wp:attachment":[{"href":"https:\/\/www.iglesiaidges.org\/index.php\/wp-json\/wp\/v2\/media?parent=4366"}],"curies":[{"name":"wp","href":"https:\/\/api.w.org\/{rel}","templated":true}]}}